{"id":4068,"date":"2016-11-08T12:35:12","date_gmt":"2016-11-08T12:35:12","guid":{"rendered":"http:\/\/hospitaldaher.com.br\/plastica\/?page_id=4068"},"modified":"2022-09-27T08:59:54","modified_gmt":"2022-09-27T11:59:54","slug":"cirurgia-plastica-abdominal","status":"publish","type":"page","link":"https:\/\/hospitaldaher.com.br\/plastica\/cirurgias-plasticas\/cirurgia-plastica-abdominal\/","title":{"rendered":"Cirurgia pl\u00e1stica abdominal"},"content":{"rendered":"<section class=\"l-section wpb_row height_small\"><div class=\"l-section-h i-cf\"><div class=\"g-cols vc_row via_grid cols_1 laptops-cols_inherit tablets-cols_inherit mobiles-cols_1 valign_top type_default stacking_default\"><div class=\"wpb_column vc_column_container\"><div class=\"vc_column-inner\"><div class=\"g-cols wpb_row via_grid cols_2 laptops-cols_inherit tablets-cols_inherit mobiles-cols_1 valign_top type_default stacking_default\"><div class=\"wpb_column vc_column_container\"><div class=\"vc_column-inner\"><div class=\"wpb_text_column\"><div class=\"wpb_wrapper\"><p style=\"text-align: justify;\">A abdominoplastia ou \u201cpl\u00e1stica da barriga\u201d \u00e9 uma das cirurgias est\u00e9ticas mais antigas da cirurgia pl\u00e1stica. Tem como objetivo corrigir basicamente duas deformidades: abaulamento do abdome e o excesso de pele e gordura.<\/p>\n<p style=\"text-align: justify;\">O excesso de tecidos, flacidez da pele, etc, geralmente s\u00e3o decorrentes de gravidez ou de obesidade seguida de emagrecimento.<\/p>\n<p style=\"text-align: justify;\">No caso da gravidez, a distens\u00e3o excessiva dos tecidos resulta em uma grande distens\u00e3o da pele que pode n\u00e3o retrair-se ap\u00f3s o parto, gerando a sobra de pele, e leva tamb\u00e9m ao afastamento da musculatura abdominal que sustenta as v\u00edsceras abdominais, resultando em um abdome abaulado.<\/p>\n<p style=\"text-align: justify;\">O tratamento consiste em incis\u00e3o ampla no baixo ventre, como que se fosse uma cesariana aumentada para os lados, localizada sempre na dobra da pele no baixo ventre, que coincide com a posi\u00e7\u00e3o sentada do paciente.<\/p>\n<p style=\"text-align: justify;\">Praticada esta incis\u00e3o, descola-se toda a pele com a gordura adjacente, em dire\u00e7\u00e3o ao gradil costal, at\u00e9 onde for necess\u00e1rio. Neste tempo cir\u00fargico os m\u00fasculos retos abdominais ser\u00e3o reaproximados recuperando-se sua anatomia original e refazendo a \u201ccintura do abd\u00f4men\u201d.<\/p>\n<p style=\"text-align: justify;\">Em seguida, traciona-se a pele excessiva e retira-se os tecidos excedentes; o umbigo que ficou preso ao plano profundo ser\u00e1 reimplantado em seu novo local da pele.<\/p>\n<p style=\"text-align: justify;\">Esta cirurgia resultar\u00e1 em um abdome menos abaulado, sem excessos de pele e com uma incis\u00e3o final no baixo ventre e outra em torno do umbigo. As cicatrizes evoluem para seu est\u00e1gio final, baixas e macias, em aproximadamente 18 meses.<\/p>\n<\/div><\/div><\/div><\/div><div class=\"wpb_column vc_column_container\"><div class=\"vc_column-inner\"><div class=\"w-image align_center\"><div class=\"w-image-h\"><img loading=\"lazy\" decoding=\"async\" width=\"386\" height=\"574\" src=\"https:\/\/hospitaldaher.com.br\/plastica\/wp-content\/uploads\/2016\/11\/60.jpg\" class=\"attachment-large size-large\" alt=\"\" srcset=\"https:\/\/hospitaldaher.com.br\/plastica\/wp-content\/uploads\/2016\/11\/60.jpg 386w, https:\/\/hospitaldaher.com.br\/plastica\/wp-content\/uploads\/2016\/11\/60-202x300.jpg 202w, https:\/\/hospitaldaher.com.br\/plastica\/wp-content\/uploads\/2016\/11\/60-101x150.jpg 101w, https:\/\/hospitaldaher.com.br\/plastica\/wp-content\/uploads\/2016\/11\/60-309x460.jpg 309w\" sizes=\"(max-width: 386px) 100vw, 386px\" \/><\/div><\/div><div class=\"w-separator size_small\"><\/div><div class=\"wpb_text_column us_custom_9720dd5b\"><div class=\"wpb_wrapper\"><p style=\"text-align: center;\">Onfaloplastia \u2013 Diferentes incis\u00f5es para reconstru\u00e7\u00e3o do umbigo nas abdominoplastias. Preferimos sempre umbigos menores e com incis\u00f5es inaparentes.<\/p>\n<\/div><\/div><\/div><\/div><\/div><\/div><\/div><\/div><\/div><\/section><section class=\"l-section wpb_row height_large color_alternate\"><div class=\"l-section-h i-cf\"><div class=\"g-cols vc_row via_grid cols_1 laptops-cols_inherit tablets-cols_inherit mobiles-cols_1 valign_top type_default stacking_default\"><div class=\"wpb_column vc_column_container\"><div class=\"vc_column-inner\"><div class=\"wpb_text_column\"><div class=\"wpb_wrapper\"><h2 style=\"text-align: justify;\"><strong>Associa\u00e7\u00e3o \u00e0 lipoescultura<\/strong><\/h2>\n<\/div><\/div><div class=\"w-separator size_small\"><\/div><div class=\"g-cols wpb_row via_grid cols_2 laptops-cols_inherit tablets-cols_inherit mobiles-cols_1 valign_top type_default stacking_default\"><div class=\"wpb_column vc_column_container\"><div class=\"vc_column-inner\"><div class=\"wpb_text_column\"><div class=\"wpb_wrapper\"><p style=\"text-align: justify;\">Com o surgimento da lipoaspira\u00e7\u00e3o, esse procedimento, passou a ser quase que obrigatoriamente associado \u00e0 abdominoplastia. Trata-se de tornar menos espesso o tecido que sobra ap\u00f3s a tra\u00e7\u00e3o e retirada do excesso de pele e da gordura excessiva que estiver nele.<\/p>\n<p style=\"text-align: justify;\">Ocorre que a lipoaspira\u00e7\u00e3o associada \u00e0 abdominoplastia, embora indispens\u00e1vel hoje em dia (n\u00e3o se concebe uma abdominoplastia sem a lipoaspira\u00e7\u00e3o associada), n\u00e3o deve ser praticada em sua intensidade m\u00e1xima em fun\u00e7\u00e3o do risco de prejudicar a vasculariza\u00e7\u00e3o dos tecidos e assim prejudicar sua vitalidade a cicatriza\u00e7\u00e3o. Desse modo, ela ser\u00e1 sempre mais econ\u00f4mica que a lipoaspira\u00e7\u00e3o praticada separadamente.<\/p>\n<p style=\"text-align: justify;\">A abdominoplastia deve ser feita depois que a paciente j\u00e1 teve seus filhos, embora nada impe\u00e7a que os tenha ap\u00f3s a cirurgia. No caso de nova gravidez \u00a0o resultado da cirurgia anterior ser\u00e1 alterado, podendo haver a necessidade de novas corre\u00e7\u00f5es.<\/p>\n<\/div><\/div><\/div><\/div><div class=\"wpb_column vc_column_container\"><div class=\"vc_column-inner\"><div class=\"wpb_text_column\"><div class=\"wpb_wrapper\"><p style=\"text-align: justify;\">Esta mesma cirurgia se aplica a pacientes obesos, homens ou mulheres, que desenvolvem a queda dos tecidos no baixo ventre. Nesses casos pode-se restringir apenas \u00e0 retirada de pele, podendo n\u00e3o haver indica\u00e7\u00e3o para tratamento da musculatura.<\/p>\n<p style=\"text-align: justify;\">O tempo de interna\u00e7\u00e3o previsto, nas abdominoplastias \u00e9 de 24 horas. O paciente andar\u00e1 semi-fletido nos primeiros 3 a 4 dias, levantado-se progressivamente e j\u00e1 devendo estar em posi\u00e7\u00e3o normal no quarto dia. Com dez a catorze dias, j\u00e1 poder\u00e1 reassumir quase todas as fun\u00e7\u00f5es, exceto esfor\u00e7os f\u00edsicos maiores ou esportes. Ser\u00e1 totalmente liberado, inclusive para esportes e exposi\u00e7\u00e3o ao sol, aos 30 dias de p\u00f3s operat\u00f3rio.<\/p>\n<p style=\"text-align: justify;\">A abdominoplastia teve enorme progresso com o advento da lipoaspira\u00e7\u00e3o do abdome, que associada, traz resultados muito mais bonitos pois emagrece os tecidos remanescentes e permite cicatrizes menores.<\/p>\n<\/div><\/div><\/div><\/div><\/div><\/div><\/div><\/div><\/div><\/section><section class=\"l-section wpb_row height_large\"><div class=\"l-section-h i-cf\"><div class=\"g-cols vc_row via_grid cols_1 laptops-cols_inherit tablets-cols_inherit mobiles-cols_1 valign_top type_default stacking_default\"><div class=\"wpb_column vc_column_container\"><div class=\"vc_column-inner\"><div class=\"g-cols wpb_row via_grid cols_1-4-1 laptops-cols_inherit tablets-cols_inherit mobiles-cols_1 valign_top type_default stacking_default\"><div class=\"wpb_column vc_column_container\"><div class=\"vc_column-inner\"><\/div><\/div><div class=\"wpb_column vc_column_container\"><div class=\"vc_column-inner\">[vc_raw_html]JTNDaWZyYW1lJTIwc3JjJTNEJTIyaHR0cHMlM0ElMkYlMkZwbGF5ZXIudW5kZXJzdGFuZC5jb20lMkZkcmpjZGFoZXIlMkZwdC1CUiUyRmRjMGQ3MmU5LWJiN2MtNDU0My1iNjFjLTJiMjU5ZGU1N2Q0YyUyRmJjNzQ0OTIxLTE1YTMtNDgwOC04YzAxLTk4NDgwMDIwZDc3ZSUzRnBhdXNlRmlyc3RTdGVwJTNEMSUyMiUyMHdpZHRoJTNEJTIyMTAwJTI1JTIyJTIwaGVpZ2h0JTNEJTIyNTU3JTIyJTIwZnJhbWVib3JkZXIlM0QlMjIwJTIyJTIwc2Nyb2xsaW5nJTNEJTIybm8lMjIlMjBhbGxvd2Z1bGxzY3JlZW4lM0QlMjJhbGxvd2Z1bGxzY3JlZW4lMjIlM0UlM0MlMkZpZnJhbWUlM0U=[\/vc_raw_html]<\/div><\/div><div class=\"wpb_column vc_column_container\"><div class=\"vc_column-inner\"><\/div><\/div><\/div><\/div><\/div><\/div><\/div><\/section>\n","protected":false},"excerpt":{"rendered":"A abdominoplastia ou \u201cpl\u00e1stica da barriga\u201d \u00e9 uma das cirurgias est\u00e9ticas mais antigas da cirurgia pl\u00e1stica. Tem como objetivo corrigir basicamente duas deformidades: abaulamento do abdome e o excesso de pele e gordura. O excesso de tecidos, flacidez da pele, etc, geralmente s\u00e3o decorrentes de gravidez ou de obesidade seguida de emagrecimento. No caso da...","protected":false},"author":3,"featured_media":0,"parent":7169,"menu_order":0,"comment_status":"closed","ping_status":"closed","template":"","meta":{"footnotes":""},"yoast_head":"<!-- This site is optimized with the Yoast SEO plugin v21.6 - https:\/\/yoast.com\/wordpress\/plugins\/seo\/ -->\n<title>Cirurgia pl\u00e1stica abdominal - Dr. Jos\u00e9 Carlos Daher<\/title>\n<meta name=\"robots\" content=\"index, follow, max-snippet:-1, max-image-preview:large, max-video-preview:-1\" \/>\n<link rel=\"canonical\" href=\"https:\/\/hospitaldaher.com.br\/plastica\/cirurgias-plasticas\/cirurgia-plastica-abdominal\/\" \/>\n<meta property=\"og:locale\" content=\"pt_BR\" \/>\n<meta property=\"og:type\" content=\"article\" \/>\n<meta property=\"og:title\" content=\"Cirurgia pl\u00e1stica abdominal - Dr. Jos\u00e9 Carlos Daher\" \/>\n<meta property=\"og:url\" content=\"https:\/\/hospitaldaher.com.br\/plastica\/cirurgias-plasticas\/cirurgia-plastica-abdominal\/\" \/>\n<meta property=\"og:site_name\" content=\"Dr. Jos\u00e9 Carlos Daher\" \/>\n<meta property=\"article:publisher\" content=\"https:\/\/www.facebook.com\/daherplastica\/\" \/>\n<meta property=\"article:modified_time\" content=\"2022-09-27T11:59:54+00:00\" \/>\n<meta name=\"twitter:card\" content=\"summary_large_image\" \/>\n<meta name=\"twitter:label1\" content=\"Est. tempo de leitura\" \/>\n\t<meta name=\"twitter:data1\" content=\"4 minutos\" \/>\n<script type=\"application\/ld+json\" class=\"yoast-schema-graph\">{\"@context\":\"https:\/\/schema.org\",\"@graph\":[{\"@type\":\"NewsArticle\",\"@id\":\"https:\/\/hospitaldaher.com.br\/plastica\/cirurgias-plasticas\/cirurgia-plastica-abdominal\/#article\",\"isPartOf\":{\"@id\":\"https:\/\/hospitaldaher.com.br\/plastica\/cirurgias-plasticas\/cirurgia-plastica-abdominal\/\"},\"author\":{\"name\":\"Juliana Vaz\",\"@id\":\"https:\/\/hospitaldaher.com.br\/plastica\/#\/schema\/person\/0bb76ae6158fc52d618a2577ef5ca2d6\"},\"headline\":\"Cirurgia pl\u00e1stica abdominal\",\"datePublished\":\"2016-11-08T12:35:12+00:00\",\"dateModified\":\"2022-09-27T11:59:54+00:00\",\"mainEntityOfPage\":{\"@id\":\"https:\/\/hospitaldaher.com.br\/plastica\/cirurgias-plasticas\/cirurgia-plastica-abdominal\/\"},\"wordCount\":791,\"publisher\":{\"@id\":\"https:\/\/hospitaldaher.com.br\/plastica\/#organization\"},\"inLanguage\":\"pt-BR\"},{\"@type\":[\"WebPage\",\"MedicalWebPage\"],\"@id\":\"https:\/\/hospitaldaher.com.br\/plastica\/cirurgias-plasticas\/cirurgia-plastica-abdominal\/\",\"url\":\"https:\/\/hospitaldaher.com.br\/plastica\/cirurgias-plasticas\/cirurgia-plastica-abdominal\/\",\"name\":\"Cirurgia pl\u00e1stica abdominal - Dr. Jos\u00e9 Carlos Daher\",\"isPartOf\":{\"@id\":\"https:\/\/hospitaldaher.com.br\/plastica\/#website\"},\"datePublished\":\"2016-11-08T12:35:12+00:00\",\"dateModified\":\"2022-09-27T11:59:54+00:00\",\"breadcrumb\":{\"@id\":\"https:\/\/hospitaldaher.com.br\/plastica\/cirurgias-plasticas\/cirurgia-plastica-abdominal\/#breadcrumb\"},\"inLanguage\":\"pt-BR\",\"potentialAction\":[{\"@type\":\"ReadAction\",\"target\":[\"https:\/\/hospitaldaher.com.br\/plastica\/cirurgias-plasticas\/cirurgia-plastica-abdominal\/\"]}]},{\"@type\":\"BreadcrumbList\",\"@id\":\"https:\/\/hospitaldaher.com.br\/plastica\/cirurgias-plasticas\/cirurgia-plastica-abdominal\/#breadcrumb\",\"itemListElement\":[{\"@type\":\"ListItem\",\"position\":1,\"name\":\"In\u00edcio\",\"item\":\"https:\/\/hospitaldaher.com.br\/plastica\/\"},{\"@type\":\"ListItem\",\"position\":2,\"name\":\"Cirurgias Pl\u00e1sticas\",\"item\":\"https:\/\/hospitaldaher.com.br\/plastica\/cirurgias-plasticas\/\"},{\"@type\":\"ListItem\",\"position\":3,\"name\":\"Cirurgia pl\u00e1stica abdominal\"}]},{\"@type\":\"WebSite\",\"@id\":\"https:\/\/hospitaldaher.com.br\/plastica\/#website\",\"url\":\"https:\/\/hospitaldaher.com.br\/plastica\/\",\"name\":\"Dr. Jos\u00e9 Carlos Daher\",\"description\":\"Cirurgia Pl\u00e1stica\",\"publisher\":{\"@id\":\"https:\/\/hospitaldaher.com.br\/plastica\/#organization\"},\"potentialAction\":[{\"@type\":\"SearchAction\",\"target\":{\"@type\":\"EntryPoint\",\"urlTemplate\":\"https:\/\/hospitaldaher.com.br\/plastica\/?s={search_term_string}\"},\"query-input\":\"required name=search_term_string\"}],\"inLanguage\":\"pt-BR\"},{\"@type\":\"Organization\",\"@id\":\"https:\/\/hospitaldaher.com.br\/plastica\/#organization\",\"name\":\"Daher Pl\u00e1stica - Dr. Jos\u00e9 Carlos Daher e Dr. Leonardo Daher\",\"url\":\"https:\/\/hospitaldaher.com.br\/plastica\/\",\"logo\":{\"@type\":\"ImageObject\",\"inLanguage\":\"pt-BR\",\"@id\":\"https:\/\/hospitaldaher.com.br\/plastica\/#\/schema\/logo\/image\/\",\"url\":\"https:\/\/hospitaldaher.com.br\/plastica\/wp-content\/uploads\/2022\/09\/Logo_Jose_Carlos_Daher_em_Brasilia_Black.svg\",\"contentUrl\":\"https:\/\/hospitaldaher.com.br\/plastica\/wp-content\/uploads\/2022\/09\/Logo_Jose_Carlos_Daher_em_Brasilia_Black.svg\",\"width\":\"1030\",\"height\":\"1030\",\"caption\":\"Daher Pl\u00e1stica - Dr. Jos\u00e9 Carlos Daher e Dr. Leonardo Daher\"},\"image\":{\"@id\":\"https:\/\/hospitaldaher.com.br\/plastica\/#\/schema\/logo\/image\/\"},\"sameAs\":[\"https:\/\/www.facebook.com\/daherplastica\/\",\"https:\/\/www.instagram.com\/doutor_daher\/\"]},{\"@type\":\"Person\",\"@id\":\"https:\/\/hospitaldaher.com.br\/plastica\/#\/schema\/person\/0bb76ae6158fc52d618a2577ef5ca2d6\",\"name\":\"Juliana Vaz\",\"image\":{\"@type\":\"ImageObject\",\"inLanguage\":\"pt-BR\",\"@id\":\"https:\/\/hospitaldaher.com.br\/plastica\/#\/schema\/person\/image\/\",\"url\":\"https:\/\/hospitaldaher.com.br\/plastica\/wp-content\/litespeed\/avatar\/842d8ea3f17809cdac54bf9cada4a39c.jpg?ver=1776865037\",\"contentUrl\":\"https:\/\/hospitaldaher.com.br\/plastica\/wp-content\/litespeed\/avatar\/842d8ea3f17809cdac54bf9cada4a39c.jpg?ver=1776865037\",\"caption\":\"Juliana Vaz\"}}]}<\/script>\n<!-- \/ Yoast SEO plugin. -->","yoast_head_json":{"title":"Cirurgia pl\u00e1stica abdominal - Dr. Jos\u00e9 Carlos Daher","robots":{"index":"index","follow":"follow","max-snippet":"max-snippet:-1","max-image-preview":"max-image-preview:large","max-video-preview":"max-video-preview:-1"},"canonical":"https:\/\/hospitaldaher.com.br\/plastica\/cirurgias-plasticas\/cirurgia-plastica-abdominal\/","og_locale":"pt_BR","og_type":"article","og_title":"Cirurgia pl\u00e1stica abdominal - Dr. Jos\u00e9 Carlos Daher","og_url":"https:\/\/hospitaldaher.com.br\/plastica\/cirurgias-plasticas\/cirurgia-plastica-abdominal\/","og_site_name":"Dr. Jos\u00e9 Carlos Daher","article_publisher":"https:\/\/www.facebook.com\/daherplastica\/","article_modified_time":"2022-09-27T11:59:54+00:00","twitter_card":"summary_large_image","twitter_misc":{"Est. tempo de leitura":"4 minutos"},"schema":{"@context":"https:\/\/schema.org","@graph":[{"@type":"NewsArticle","@id":"https:\/\/hospitaldaher.com.br\/plastica\/cirurgias-plasticas\/cirurgia-plastica-abdominal\/#article","isPartOf":{"@id":"https:\/\/hospitaldaher.com.br\/plastica\/cirurgias-plasticas\/cirurgia-plastica-abdominal\/"},"author":{"name":"Juliana Vaz","@id":"https:\/\/hospitaldaher.com.br\/plastica\/#\/schema\/person\/0bb76ae6158fc52d618a2577ef5ca2d6"},"headline":"Cirurgia pl\u00e1stica abdominal","datePublished":"2016-11-08T12:35:12+00:00","dateModified":"2022-09-27T11:59:54+00:00","mainEntityOfPage":{"@id":"https:\/\/hospitaldaher.com.br\/plastica\/cirurgias-plasticas\/cirurgia-plastica-abdominal\/"},"wordCount":791,"publisher":{"@id":"https:\/\/hospitaldaher.com.br\/plastica\/#organization"},"inLanguage":"pt-BR"},{"@type":["WebPage","MedicalWebPage"],"@id":"https:\/\/hospitaldaher.com.br\/plastica\/cirurgias-plasticas\/cirurgia-plastica-abdominal\/","url":"https:\/\/hospitaldaher.com.br\/plastica\/cirurgias-plasticas\/cirurgia-plastica-abdominal\/","name":"Cirurgia pl\u00e1stica abdominal - Dr. Jos\u00e9 Carlos Daher","isPartOf":{"@id":"https:\/\/hospitaldaher.com.br\/plastica\/#website"},"datePublished":"2016-11-08T12:35:12+00:00","dateModified":"2022-09-27T11:59:54+00:00","breadcrumb":{"@id":"https:\/\/hospitaldaher.com.br\/plastica\/cirurgias-plasticas\/cirurgia-plastica-abdominal\/#breadcrumb"},"inLanguage":"pt-BR","potentialAction":[{"@type":"ReadAction","target":["https:\/\/hospitaldaher.com.br\/plastica\/cirurgias-plasticas\/cirurgia-plastica-abdominal\/"]}]},{"@type":"BreadcrumbList","@id":"https:\/\/hospitaldaher.com.br\/plastica\/cirurgias-plasticas\/cirurgia-plastica-abdominal\/#breadcrumb","itemListElement":[{"@type":"ListItem","position":1,"name":"In\u00edcio","item":"https:\/\/hospitaldaher.com.br\/plastica\/"},{"@type":"ListItem","position":2,"name":"Cirurgias Pl\u00e1sticas","item":"https:\/\/hospitaldaher.com.br\/plastica\/cirurgias-plasticas\/"},{"@type":"ListItem","position":3,"name":"Cirurgia pl\u00e1stica abdominal"}]},{"@type":"WebSite","@id":"https:\/\/hospitaldaher.com.br\/plastica\/#website","url":"https:\/\/hospitaldaher.com.br\/plastica\/","name":"Dr. Jos\u00e9 Carlos Daher","description":"Cirurgia Pl\u00e1stica","publisher":{"@id":"https:\/\/hospitaldaher.com.br\/plastica\/#organization"},"potentialAction":[{"@type":"SearchAction","target":{"@type":"EntryPoint","urlTemplate":"https:\/\/hospitaldaher.com.br\/plastica\/?s={search_term_string}"},"query-input":"required name=search_term_string"}],"inLanguage":"pt-BR"},{"@type":"Organization","@id":"https:\/\/hospitaldaher.com.br\/plastica\/#organization","name":"Daher Pl\u00e1stica - Dr. Jos\u00e9 Carlos Daher e Dr. Leonardo Daher","url":"https:\/\/hospitaldaher.com.br\/plastica\/","logo":{"@type":"ImageObject","inLanguage":"pt-BR","@id":"https:\/\/hospitaldaher.com.br\/plastica\/#\/schema\/logo\/image\/","url":"https:\/\/hospitaldaher.com.br\/plastica\/wp-content\/uploads\/2022\/09\/Logo_Jose_Carlos_Daher_em_Brasilia_Black.svg","contentUrl":"https:\/\/hospitaldaher.com.br\/plastica\/wp-content\/uploads\/2022\/09\/Logo_Jose_Carlos_Daher_em_Brasilia_Black.svg","width":"1030","height":"1030","caption":"Daher Pl\u00e1stica - Dr. Jos\u00e9 Carlos Daher e Dr. Leonardo Daher"},"image":{"@id":"https:\/\/hospitaldaher.com.br\/plastica\/#\/schema\/logo\/image\/"},"sameAs":["https:\/\/www.facebook.com\/daherplastica\/","https:\/\/www.instagram.com\/doutor_daher\/"]},{"@type":"Person","@id":"https:\/\/hospitaldaher.com.br\/plastica\/#\/schema\/person\/0bb76ae6158fc52d618a2577ef5ca2d6","name":"Juliana Vaz","image":{"@type":"ImageObject","inLanguage":"pt-BR","@id":"https:\/\/hospitaldaher.com.br\/plastica\/#\/schema\/person\/image\/","url":"https:\/\/hospitaldaher.com.br\/plastica\/wp-content\/litespeed\/avatar\/842d8ea3f17809cdac54bf9cada4a39c.jpg?ver=1776865037","contentUrl":"https:\/\/hospitaldaher.com.br\/plastica\/wp-content\/litespeed\/avatar\/842d8ea3f17809cdac54bf9cada4a39c.jpg?ver=1776865037","caption":"Juliana Vaz"}}]}},"_links":{"self":[{"href":"https:\/\/hospitaldaher.com.br\/plastica\/wp-json\/wp\/v2\/pages\/4068"}],"collection":[{"href":"https:\/\/hospitaldaher.com.br\/plastica\/wp-json\/wp\/v2\/pages"}],"about":[{"href":"https:\/\/hospitaldaher.com.br\/plastica\/wp-json\/wp\/v2\/types\/page"}],"author":[{"embeddable":true,"href":"https:\/\/hospitaldaher.com.br\/plastica\/wp-json\/wp\/v2\/users\/3"}],"replies":[{"embeddable":true,"href":"https:\/\/hospitaldaher.com.br\/plastica\/wp-json\/wp\/v2\/comments?post=4068"}],"version-history":[{"count":3,"href":"https:\/\/hospitaldaher.com.br\/plastica\/wp-json\/wp\/v2\/pages\/4068\/revisions"}],"predecessor-version":[{"id":7303,"href":"https:\/\/hospitaldaher.com.br\/plastica\/wp-json\/wp\/v2\/pages\/4068\/revisions\/7303"}],"up":[{"embeddable":true,"href":"https:\/\/hospitaldaher.com.br\/plastica\/wp-json\/wp\/v2\/pages\/7169"}],"wp:attachment":[{"href":"https:\/\/hospitaldaher.com.br\/plastica\/wp-json\/wp\/v2\/media?parent=4068"}],"curies":[{"name":"wp","href":"https:\/\/api.w.org\/{rel}","templated":true}]}}